{"id":1099,"date":"2023-08-22T03:26:48","date_gmt":"2023-08-21T21:26:48","guid":{"rendered":"https:\/\/utla.edu.sv\/?page_id=1099"},"modified":"2025-02-05T07:57:20","modified_gmt":"2025-02-05T01:57:20","slug":"internacionalizacion-universitaria","status":"publish","type":"page","link":"https:\/\/utla.edu.sv\/?page_id=1099","title":{"rendered":"Internacionalizaci\u00f3n Universitaria2023"},"content":{"rendered":"\t\t<div data-elementor-type=\"wp-page\" data-elementor-id=\"1099\" class=\"elementor elementor-1099\">\n\t\t\t\t\t\t<section class=\"elementor-section elementor-top-section elementor-element elementor-element-942cd44 elementor-section-boxed elementor-section-height-default elementor-section-height-default wpr-particle-no wpr-jarallax-no wpr-parallax-no wpr-sticky-section-no\" data-id=\"942cd44\" data-element_type=\"section\">\n\t\t\t\t\t\t<div class=\"elementor-container elementor-column-gap-default\">\n\t\t\t\t\t<div class=\"elementor-column elementor-col-20 elementor-top-column elementor-element elementor-element-8f0f7ba\" data-id=\"8f0f7ba\" data-element_type=\"column\">\n\t\t\t<div class=\"elementor-widget-wrap elementor-element-populated\">\n\t\t\t\t\t\t<div class=\"elementor-element elementor-element-862683f elementor-align-center elementor-widget elementor-widget-button\" data-id=\"862683f\" data-element_type=\"widget\" data-widget_type=\"button.default\">\n\t\t\t\t<div class=\"elementor-widget-container\">\n\t\t\t\t\t\t\t\t\t<div class=\"elementor-button-wrapper\">\n\t\t\t\t\t<a class=\"elementor-button elementor-button-link elementor-size-sm\" href=\"https:\/\/utla.edu.sv\/?page_id=2216\">\n\t\t\t\t\t\t<span class=\"elementor-button-content-wrapper\">\n\t\t\t\t\t\t\t\t\t<span class=\"elementor-button-text\">IR AL INICIO<\/span>\n\t\t\t\t\t<\/span>\n\t\t\t\t\t<\/a>\n\t\t\t\t<\/div>\n\t\t\t\t\t\t\t\t<\/div>\n\t\t\t\t<\/div>\n\t\t\t\t\t<\/div>\n\t\t<\/div>\n\t\t\t\t<div class=\"elementor-column elementor-col-20 elementor-top-column elementor-element elementor-element-e170620\" data-id=\"e170620\" data-element_type=\"column\">\n\t\t\t<div class=\"elementor-widget-wrap\">\n\t\t\t\t\t\t\t<\/div>\n\t\t<\/div>\n\t\t\t\t<div class=\"elementor-column elementor-col-20 elementor-top-column elementor-element elementor-element-bd750dc\" data-id=\"bd750dc\" data-element_type=\"column\">\n\t\t\t<div class=\"elementor-widget-wrap\">\n\t\t\t\t\t\t\t<\/div>\n\t\t<\/div>\n\t\t\t\t<div class=\"elementor-column elementor-col-20 elementor-top-column elementor-element elementor-element-28e1754\" data-id=\"28e1754\" data-element_type=\"column\">\n\t\t\t<div class=\"elementor-widget-wrap\">\n\t\t\t\t\t\t\t<\/div>\n\t\t<\/div>\n\t\t\t\t<div class=\"elementor-column elementor-col-20 elementor-top-column elementor-element elementor-element-54e6100\" data-id=\"54e6100\" data-element_type=\"column\">\n\t\t\t<div class=\"elementor-widget-wrap\">\n\t\t\t\t\t\t\t<\/div>\n\t\t<\/div>\n\t\t\t\t\t<\/div>\n\t\t<\/section>\n\t\t\t\t<section class=\"elementor-section elementor-top-section elementor-element elementor-element-4457050a elementor-section-boxed elementor-section-height-default elementor-section-height-default wpr-particle-no wpr-jarallax-no wpr-parallax-no wpr-sticky-section-no\" data-id=\"4457050a\" data-element_type=\"section\">\n\t\t\t\t\t\t<div class=\"elementor-container elementor-column-gap-default\">\n\t\t\t\t\t<div class=\"elementor-column elementor-col-100 elementor-top-column elementor-element elementor-element-6ef10935\" data-id=\"6ef10935\" data-element_type=\"column\">\n\t\t\t<div class=\"elementor-widget-wrap elementor-element-populated\">\n\t\t\t\t\t\t<div class=\"elementor-element elementor-element-7a2f9c26 elementor-widget elementor-widget-text-editor\" data-id=\"7a2f9c26\" data-element_type=\"widget\" data-widget_type=\"text-editor.default\">\n\t\t\t\t<div class=\"elementor-widget-container\">\n\t\t\t\t\t\t\t\t\t<p><\/p>\n<figure class=\"wp-block-pullquote alignwide has-large-font-size\"><span style=\"font-family: var(--headingsfontfamily),var(--nv-fallback-ff); font-size: var(--h2fontsize); font-weight: var(--h2fontweight); letter-spacing: var(--h2letterspacing); text-transform: var(--h2texttransform); color: var( --e-global-color-text ); background-color: var(--nv-site-bg);\">2023<\/span><\/figure>\n<p><\/p>\n<hr class=\"wp-block-separator has-alpha-channel-opacity\" \/>\n<p><\/p>\n<h2 class=\"wp-block-heading has-large-font-size\">Convenio con Red ICALC<\/h2>\n<p><\/p>\n<p>Se firm\u00f3 un importante convenio con la Red de Investigadores de Am\u00e9rica Latina y El Caribe, en el que tuvimos la visita del vicepresidente: el Dr. Andr\u00e9s Ultreras. Se busca fortalecer nuestra Unidad de Investigaci\u00f3n e Innovaci\u00f3n, con diferentes actividades como charlas, capacitaciones con perspectivas internacionales; as\u00ed como tambi\u00e9n, autores y revisores que ayuden al progreso de la Revista Cient\u00edfica Institucional. Creando as\u00ed, relaciones acad\u00e9micas con diferentes profesionales o Instituciones de otros pa\u00edses.<\/p>\n<p><\/p>\n<div class=\"wp-block-columns is-layout-flex wp-container-core-columns-is-layout-9d6595d7 wp-block-columns-is-layout-flex\">\n<p><\/p>\n<div class=\"wp-block-column is-layout-flow wp-block-column-is-layout-flow\">\n<p><\/p>\n<figure class=\"wp-block-image size-large\"><img fetchpriority=\"high\" decoding=\"async\" width=\"1024\" height=\"683\" class=\"wp-image-1104\" src=\"https:\/\/utla.edu.sv\/wp-content\/uploads\/2023\/08\/DSC04724-1024x683.jpg\" alt=\"\" srcset=\"https:\/\/utla.edu.sv\/wp-content\/uploads\/2023\/08\/DSC04724-1024x683.jpg 1024w, https:\/\/utla.edu.sv\/wp-content\/uploads\/2023\/08\/DSC04724-300x200.jpg 300w, https:\/\/utla.edu.sv\/wp-content\/uploads\/2023\/08\/DSC04724-768x512.jpg 768w, https:\/\/utla.edu.sv\/wp-content\/uploads\/2023\/08\/DSC04724-1536x1024.jpg 1536w, https:\/\/utla.edu.sv\/wp-content\/uploads\/2023\/08\/DSC04724-2048x1365.jpg 2048w, https:\/\/utla.edu.sv\/wp-content\/uploads\/2023\/08\/DSC04724-930x620.jpg 930w\" sizes=\"(max-width: 1024px) 100vw, 1024px\" \/><\/figure>\n<p><\/p>\n<\/div>\n<p><\/p>\n<div class=\"wp-block-column is-layout-flow wp-block-column-is-layout-flow\">\n<p><\/p>\n<figure class=\"wp-block-image size-large\"><img decoding=\"async\" width=\"1024\" height=\"683\" class=\"wp-image-1105\" src=\"https:\/\/utla.edu.sv\/wp-content\/uploads\/2023\/08\/DSC04740-1024x683.jpg\" alt=\"\" srcset=\"https:\/\/utla.edu.sv\/wp-content\/uploads\/2023\/08\/DSC04740-1024x683.jpg 1024w, https:\/\/utla.edu.sv\/wp-content\/uploads\/2023\/08\/DSC04740-300x200.jpg 300w, https:\/\/utla.edu.sv\/wp-content\/uploads\/2023\/08\/DSC04740-768x512.jpg 768w, https:\/\/utla.edu.sv\/wp-content\/uploads\/2023\/08\/DSC04740-1536x1024.jpg 1536w, https:\/\/utla.edu.sv\/wp-content\/uploads\/2023\/08\/DSC04740-2048x1365.jpg 2048w, https:\/\/utla.edu.sv\/wp-content\/uploads\/2023\/08\/DSC04740-930x620.jpg 930w\" sizes=\"(max-width: 1024px) 100vw, 1024px\" \/><\/figure>\n<p><\/p>\n<\/div>\n<p><\/p>\n<\/div>\n<p><\/p>\n<div class=\"wp-block-columns is-layout-flex wp-container-core-columns-is-layout-9d6595d7 wp-block-columns-is-layout-flex\">\n<p><\/p>\n<div class=\"wp-block-column is-layout-flow wp-block-column-is-layout-flow\">\n<p><\/p>\n<figure class=\"wp-block-image size-large\"><img decoding=\"async\" width=\"1024\" height=\"683\" class=\"wp-image-1106\" src=\"https:\/\/utla.edu.sv\/wp-content\/uploads\/2023\/08\/DSC04802-1024x683.jpg\" alt=\"\" srcset=\"https:\/\/utla.edu.sv\/wp-content\/uploads\/2023\/08\/DSC04802-1024x683.jpg 1024w, https:\/\/utla.edu.sv\/wp-content\/uploads\/2023\/08\/DSC04802-300x200.jpg 300w, https:\/\/utla.edu.sv\/wp-content\/uploads\/2023\/08\/DSC04802-768x512.jpg 768w, https:\/\/utla.edu.sv\/wp-content\/uploads\/2023\/08\/DSC04802-1536x1024.jpg 1536w, https:\/\/utla.edu.sv\/wp-content\/uploads\/2023\/08\/DSC04802-2048x1365.jpg 2048w, https:\/\/utla.edu.sv\/wp-content\/uploads\/2023\/08\/DSC04802-930x620.jpg 930w\" sizes=\"(max-width: 1024px) 100vw, 1024px\" \/><\/figure>\n<p><\/p>\n<\/div>\n<p><\/p>\n<div class=\"wp-block-column is-layout-flow wp-block-column-is-layout-flow\">\n<p><\/p>\n<figure class=\"wp-block-image size-large\"><img loading=\"lazy\" decoding=\"async\" width=\"1024\" height=\"683\" class=\"wp-image-1107\" src=\"https:\/\/utla.edu.sv\/wp-content\/uploads\/2023\/08\/DSC04870-1024x683.jpg\" alt=\"\" srcset=\"https:\/\/utla.edu.sv\/wp-content\/uploads\/2023\/08\/DSC04870-1024x683.jpg 1024w, https:\/\/utla.edu.sv\/wp-content\/uploads\/2023\/08\/DSC04870-300x200.jpg 300w, https:\/\/utla.edu.sv\/wp-content\/uploads\/2023\/08\/DSC04870-768x512.jpg 768w, https:\/\/utla.edu.sv\/wp-content\/uploads\/2023\/08\/DSC04870-1536x1024.jpg 1536w, https:\/\/utla.edu.sv\/wp-content\/uploads\/2023\/08\/DSC04870-2048x1365.jpg 2048w, https:\/\/utla.edu.sv\/wp-content\/uploads\/2023\/08\/DSC04870-930x620.jpg 930w\" sizes=\"(max-width: 1024px) 100vw, 1024px\" \/><\/figure>\n<p><\/p>\n<\/div>\n<p><\/p>\n<\/div>\n<p><\/p>\n<hr class=\"wp-block-separator has-alpha-channel-opacity\" \/>\n<p><\/p>\n<h2 class=\"wp-block-heading\">Charla \u00abRuta de la Ciberseguridad\u00bb<\/h2>\n<p><\/p>\n<p>Se tuvo el apoyo de ESET la cual, es una empresa internacional muy posicionada en el mercado y reconocida por su especialidad es la cibersegurida para impartir la ponencia titulada \u00abLa ruta de la Ciberseguridad\u00bb, por el ponente internacional: Ing. David Quevedo; la cual fue de mucha importancia para ampliar los conocimientos de nuestros estudiantes de la Ingenier\u00eda en Sistemas y Tecnolog\u00edas de Informaci\u00f3n. As\u00ed como tambi\u00e9n, tuvimos el agrado de contar con la participaci\u00f3n de los estudiantes de la Ingenier\u00eda en Ciencias de la Computaci\u00f3n de <a href=\"https:\/\/www.facebook.com\/universidad.cristiana.ucad?__cft__[0]=AZXTsfWpDgXHmzlTAacNA4uRZI2Y88D_TmLvErXOBVbqN6FEmgOt1KT9M9ds8vnxQLoJWrFt0xykjJPjMu_vLmRtKIvCuuLLoQqEmA_0FbPXI5MkCJEWQq4IHMlmQ7pcYIOqRahvQhjVptXNY8dmzINhWjb3cGo-IkGQFSJ4x8PeqTJqSg4p4jYZms8Kyg3MpUc&amp;__tn__=-]K-R\">Universidad Cristiana de las Asambleas de Dios UCAD<\/a><\/p>\n<p><\/p>\n<div class=\"wp-block-columns is-layout-flex wp-container-core-columns-is-layout-9d6595d7 wp-block-columns-is-layout-flex\">\n<p><\/p>\n<div class=\"wp-block-column is-layout-flow wp-block-column-is-layout-flow\">\n<p><\/p>\n<figure class=\"wp-block-image size-large\"><img loading=\"lazy\" decoding=\"async\" width=\"1024\" height=\"683\" class=\"wp-image-1100\" src=\"https:\/\/utla.edu.sv\/wp-content\/uploads\/2023\/08\/DSC05467-1024x683.jpg\" alt=\"\" srcset=\"https:\/\/utla.edu.sv\/wp-content\/uploads\/2023\/08\/DSC05467-1024x683.jpg 1024w, https:\/\/utla.edu.sv\/wp-content\/uploads\/2023\/08\/DSC05467-300x200.jpg 300w, https:\/\/utla.edu.sv\/wp-content\/uploads\/2023\/08\/DSC05467-768x512.jpg 768w, https:\/\/utla.edu.sv\/wp-content\/uploads\/2023\/08\/DSC05467-1536x1024.jpg 1536w, https:\/\/utla.edu.sv\/wp-content\/uploads\/2023\/08\/DSC05467-2048x1365.jpg 2048w, https:\/\/utla.edu.sv\/wp-content\/uploads\/2023\/08\/DSC05467-930x620.jpg 930w\" sizes=\"(max-width: 1024px) 100vw, 1024px\" \/><\/figure>\n<p><\/p>\n<\/div>\n<p><\/p>\n<div class=\"wp-block-column is-layout-flow wp-block-column-is-layout-flow\">\n<p><\/p>\n<figure class=\"wp-block-image size-large\"><img loading=\"lazy\" decoding=\"async\" width=\"1024\" height=\"683\" class=\"wp-image-1101\" src=\"https:\/\/utla.edu.sv\/wp-content\/uploads\/2023\/08\/DSC05487-1024x683.jpg\" alt=\"\" srcset=\"https:\/\/utla.edu.sv\/wp-content\/uploads\/2023\/08\/DSC05487-1024x683.jpg 1024w, https:\/\/utla.edu.sv\/wp-content\/uploads\/2023\/08\/DSC05487-300x200.jpg 300w, https:\/\/utla.edu.sv\/wp-content\/uploads\/2023\/08\/DSC05487-768x512.jpg 768w, https:\/\/utla.edu.sv\/wp-content\/uploads\/2023\/08\/DSC05487-1536x1024.jpg 1536w, https:\/\/utla.edu.sv\/wp-content\/uploads\/2023\/08\/DSC05487-2048x1365.jpg 2048w, https:\/\/utla.edu.sv\/wp-content\/uploads\/2023\/08\/DSC05487-930x620.jpg 930w\" sizes=\"(max-width: 1024px) 100vw, 1024px\" \/><\/figure>\n<p><\/p>\n<\/div>\n<p><\/p>\n<\/div>\n<p><\/p>\n<hr class=\"wp-block-separator has-alpha-channel-opacity\" \/>\n<p><\/p>\n<h2 class=\"wp-block-heading\">Doctor Honoris Causa de nuestro Vicerrector<\/h2>\n<p><\/p>\n<p>La Universidad T\u00e9cnica Latinoamericana se enorgullece que nuestro Vice Rector el Ingeniero Francisco Alfredo Carrillo Larreynaga fue galardonado por la Universidad del Norte de Tamaulipas, M\u00e9xico, recibiendo el reconocimiento como \u201cDoctor Honoris Causa\u201d por su extensa trayectoria profesional y su aporte en el progreso de la instituci\u00f3n; desde la fundaci\u00f3n de la Universidad hasta la actualidad, que d\u00eda con d\u00eda busca aportar a la sociedad con profesionales integrales, con pensamiento cr\u00edtico para la resoluci\u00f3n de problemas. Este reconocimiento internacional refleja el esfuerzo y compromiso de nuestras autoridades, en pro de la mejora continua y la internacionalizaci\u00f3n de la educaci\u00f3n de la instituci\u00f3n.<\/p>\n<p><\/p>\n<div class=\"wp-block-columns is-layout-flex wp-container-core-columns-is-layout-9d6595d7 wp-block-columns-is-layout-flex\">\n<p><\/p>\n<div class=\"wp-block-column is-layout-flow wp-block-column-is-layout-flow\">\n<p><\/p>\n<figure class=\"wp-block-image size-large is-resized\"><img loading=\"lazy\" decoding=\"async\" width=\"683\" height=\"1024\" class=\"wp-image-1128\" style=\"width: 569px; height: 853px;\" src=\"https:\/\/utla.edu.sv\/wp-content\/uploads\/2023\/08\/ING.-CARRILLO-0004-683x1024.jpg\" alt=\"\" srcset=\"https:\/\/utla.edu.sv\/wp-content\/uploads\/2023\/08\/ING.-CARRILLO-0004-683x1024.jpg 683w, https:\/\/utla.edu.sv\/wp-content\/uploads\/2023\/08\/ING.-CARRILLO-0004-200x300.jpg 200w, https:\/\/utla.edu.sv\/wp-content\/uploads\/2023\/08\/ING.-CARRILLO-0004-768x1152.jpg 768w, https:\/\/utla.edu.sv\/wp-content\/uploads\/2023\/08\/ING.-CARRILLO-0004-1024x1536.jpg 1024w, https:\/\/utla.edu.sv\/wp-content\/uploads\/2023\/08\/ING.-CARRILLO-0004-1365x2048.jpg 1365w, https:\/\/utla.edu.sv\/wp-content\/uploads\/2023\/08\/ING.-CARRILLO-0004-scaled.jpg 1707w\" sizes=\"(max-width: 683px) 100vw, 683px\" \/><\/figure>\n<p><\/p>\n<\/div>\n<p><\/p>\n<div class=\"wp-block-column is-layout-flow wp-block-column-is-layout-flow\">\n<p><\/p>\n<figure class=\"wp-block-image size-large\"><img loading=\"lazy\" decoding=\"async\" width=\"683\" height=\"1024\" class=\"wp-image-1129\" src=\"https:\/\/utla.edu.sv\/wp-content\/uploads\/2023\/08\/ING.-CARRILLO-0005-683x1024.jpg\" alt=\"\" srcset=\"https:\/\/utla.edu.sv\/wp-content\/uploads\/2023\/08\/ING.-CARRILLO-0005-683x1024.jpg 683w, https:\/\/utla.edu.sv\/wp-content\/uploads\/2023\/08\/ING.-CARRILLO-0005-200x300.jpg 200w, https:\/\/utla.edu.sv\/wp-content\/uploads\/2023\/08\/ING.-CARRILLO-0005-768x1152.jpg 768w, https:\/\/utla.edu.sv\/wp-content\/uploads\/2023\/08\/ING.-CARRILLO-0005-1024x1536.jpg 1024w, https:\/\/utla.edu.sv\/wp-content\/uploads\/2023\/08\/ING.-CARRILLO-0005-1365x2048.jpg 1365w, https:\/\/utla.edu.sv\/wp-content\/uploads\/2023\/08\/ING.-CARRILLO-0005-scaled.jpg 1707w\" sizes=\"(max-width: 683px) 100vw, 683px\" \/><\/figure>\n<p><\/p>\n<\/div>\n<p><\/p>\n<\/div>\n<p><\/p>\t\t\t\t\t\t\t\t<\/div>\n\t\t\t\t<\/div>\n\t\t\t\t\t<\/div>\n\t\t<\/div>\n\t\t\t\t\t<\/div>\n\t\t<\/section>\n\t\t\t\t<\/div>\n\t\t","protected":false},"excerpt":{"rendered":"<p>IR AL INICIO 2023 Convenio con Red ICALC Se firm\u00f3 un importante convenio con la Red de Investigadores de Am\u00e9rica Latina y El Caribe, en el que tuvimos la visita del vicepresidente: el Dr. Andr\u00e9s Ultreras. Se busca fortalecer nuestra Unidad de Investigaci\u00f3n e Innovaci\u00f3n, con diferentes actividades como charlas, capacitaciones con perspectivas internacionales; as\u00ed como tambi\u00e9n, autores y revisores que ayuden al progreso de la Revista Cient\u00edfica Institucional. Creando as\u00ed, relaciones acad\u00e9micas con diferentes profesionales o Instituciones de otros pa\u00edses. Charla \u00abRuta de la Ciberseguridad\u00bb Se tuvo el apoyo de ESET la cual, es una empresa internacional muy posicionada en el mercado y reconocida por su especialidad es la cibersegurida para impartir la ponencia titulada \u00abLa ruta de la Ciberseguridad\u00bb, por el ponente internacional: Ing. David Quevedo; la cual fue de mucha importancia para ampliar los conocimientos de nuestros estudiantes de la Ingenier\u00eda en Sistemas y Tecnolog\u00edas de Informaci\u00f3n. As\u00ed como tambi\u00e9n, tuvimos el agrado de contar con la participaci\u00f3n de los estudiantes de la Ingenier\u00eda en Ciencias de la Computaci\u00f3n de Universidad Cristiana de las Asambleas de Dios UCAD Doctor Honoris Causa de nuestro Vicerrector La Universidad T\u00e9cnica Latinoamericana se enorgullece que nuestro Vice Rector el Ingeniero Francisco Alfredo Carrillo Larreynaga fue galardonado por la Universidad del Norte de Tamaulipas, M\u00e9xico, recibiendo el reconocimiento como \u201cDoctor Honoris Causa\u201d por su extensa trayectoria profesional y su aporte en el progreso de la instituci\u00f3n; desde la fundaci\u00f3n de la Universidad hasta la actualidad, que d\u00eda con d\u00eda busca aportar a la sociedad con profesionales integrales, con pensamiento cr\u00edtico para la resoluci\u00f3n de problemas. Este reconocimiento internacional refleja el esfuerzo y compromiso de nuestras autoridades, en pro de la mejora continua y la internacionalizaci\u00f3n de la educaci\u00f3n de la instituci\u00f3n.<\/p>\n","protected":false},"author":2,"featured_media":0,"parent":0,"menu_order":0,"comment_status":"closed","ping_status":"closed","template":"","meta":{"_monsterinsights_skip_tracking":false,"_monsterinsights_sitenote_active":false,"_monsterinsights_sitenote_note":"","_monsterinsights_sitenote_category":0,"neve_meta_sidebar":"","neve_meta_container":"","neve_meta_enable_content_width":"","neve_meta_content_width":0,"neve_meta_title_alignment":"","neve_meta_author_avatar":"","neve_post_elements_order":"","neve_meta_disable_header":"","neve_meta_disable_footer":"","neve_meta_disable_title":"on","footnotes":""},"class_list":["post-1099","page","type-page","status-publish","hentry"],"_links":{"self":[{"href":"https:\/\/utla.edu.sv\/index.php?rest_route=\/wp\/v2\/pages\/1099","targetHints":{"allow":["GET"]}}],"collection":[{"href":"https:\/\/utla.edu.sv\/index.php?rest_route=\/wp\/v2\/pages"}],"about":[{"href":"https:\/\/utla.edu.sv\/index.php?rest_route=\/wp\/v2\/types\/page"}],"author":[{"embeddable":true,"href":"https:\/\/utla.edu.sv\/index.php?rest_route=\/wp\/v2\/users\/2"}],"replies":[{"embeddable":true,"href":"https:\/\/utla.edu.sv\/index.php?rest_route=%2Fwp%2Fv2%2Fcomments&post=1099"}],"version-history":[{"count":51,"href":"https:\/\/utla.edu.sv\/index.php?rest_route=\/wp\/v2\/pages\/1099\/revisions"}],"predecessor-version":[{"id":2233,"href":"https:\/\/utla.edu.sv\/index.php?rest_route=\/wp\/v2\/pages\/1099\/revisions\/2233"}],"wp:attachment":[{"href":"https:\/\/utla.edu.sv\/index.php?rest_route=%2Fwp%2Fv2%2Fmedia&parent=1099"}],"curies":[{"name":"wp","href":"https:\/\/api.w.org\/{rel}","templated":true}]}}