{"id":2296,"date":"2025-02-10T08:24:45","date_gmt":"2025-02-10T02:24:45","guid":{"rendered":"https:\/\/utla.edu.sv\/?page_id=2296"},"modified":"2025-02-10T10:45:42","modified_gmt":"2025-02-10T04:45:42","slug":"cultura-2024","status":"publish","type":"page","link":"https:\/\/utla.edu.sv\/?page_id=2296","title":{"rendered":"cultura-2024"},"content":{"rendered":"\t\t<div data-elementor-type=\"wp-page\" data-elementor-id=\"2296\" class=\"elementor elementor-2296\">\n\t\t\t\t\t\t<section class=\"elementor-section elementor-top-section elementor-element elementor-element-60fc33e elementor-section-boxed elementor-section-height-default elementor-section-height-default wpr-particle-no wpr-jarallax-no wpr-parallax-no wpr-sticky-section-no\" data-id=\"60fc33e\" data-element_type=\"section\">\n\t\t\t\t\t\t<div class=\"elementor-container elementor-column-gap-default\">\n\t\t\t\t\t<div class=\"elementor-column elementor-col-100 elementor-top-column elementor-element elementor-element-6668eb8\" data-id=\"6668eb8\" data-element_type=\"column\">\n\t\t\t<div class=\"elementor-widget-wrap elementor-element-populated\">\n\t\t\t\t\t\t<div class=\"elementor-element elementor-element-3937fb5 elementor-widget elementor-widget-heading\" data-id=\"3937fb5\" data-element_type=\"widget\" data-widget_type=\"heading.default\">\n\t\t\t\t<div class=\"elementor-widget-container\">\n\t\t\t\t\t<h2 class=\"elementor-heading-title elementor-size-default\">Actividades Culturales a\u00f1o 2024<\/h2>\t\t\t\t<\/div>\n\t\t\t\t<\/div>\n\t\t\t\t\t<\/div>\n\t\t<\/div>\n\t\t\t\t\t<\/div>\n\t\t<\/section>\n\t\t\t\t<section class=\"elementor-section elementor-top-section elementor-element elementor-element-c10654e elementor-section-boxed elementor-section-height-default elementor-section-height-default wpr-particle-no wpr-jarallax-no wpr-parallax-no wpr-sticky-section-no\" data-id=\"c10654e\" data-element_type=\"section\">\n\t\t\t\t\t\t<div class=\"elementor-container elementor-column-gap-default\">\n\t\t\t\t\t<div class=\"elementor-column elementor-col-33 elementor-top-column elementor-element elementor-element-9cf03a0\" data-id=\"9cf03a0\" data-element_type=\"column\">\n\t\t\t<div class=\"elementor-widget-wrap elementor-element-populated\">\n\t\t\t\t\t\t<div class=\"elementor-element elementor-element-427a523 elementor-position-top elementor-widget elementor-widget-image-box\" data-id=\"427a523\" data-element_type=\"widget\" data-widget_type=\"image-box.default\">\n\t\t\t\t<div class=\"elementor-widget-container\">\n\t\t\t\t\t<div class=\"elementor-image-box-wrapper\"><figure class=\"elementor-image-box-img\"><a href=\"https:\/\/utlaedusv-my.sharepoint.com\/:b:\/g\/personal\/bienestarest_utla_edu_sv\/EVxK8pu8sDhBlxrNO-qR90oBWBakfwtn7uFWbEJo4VXvMQ?e=zQYecF\" target=\"_blank\" tabindex=\"-1\"><img fetchpriority=\"high\" decoding=\"async\" width=\"250\" height=\"300\" src=\"https:\/\/utla.edu.sv\/wp-content\/uploads\/2025\/02\/act1.png\" class=\"attachment-full size-full wp-image-2302\" alt=\"\" \/><\/a><\/figure><div class=\"elementor-image-box-content\"><h3 class=\"elementor-image-box-title\"><a href=\"https:\/\/utlaedusv-my.sharepoint.com\/:b:\/g\/personal\/bienestarest_utla_edu_sv\/EVxK8pu8sDhBlxrNO-qR90oBWBakfwtn7uFWbEJo4VXvMQ?e=zQYecF\" target=\"_blank\">Inicio de Clase<\/a><\/h3><p class=\"elementor-image-box-description\">Presentaci\u00f3n de jefa de Proyecci\u00f3n Social y de Bienestar y Desarrollo ...<\/p><\/div><\/div>\t\t\t\t<\/div>\n\t\t\t\t<\/div>\n\t\t\t\t\t<\/div>\n\t\t<\/div>\n\t\t\t\t<div class=\"elementor-column elementor-col-33 elementor-top-column elementor-element elementor-element-3550ff8\" data-id=\"3550ff8\" data-element_type=\"column\">\n\t\t\t<div class=\"elementor-widget-wrap elementor-element-populated\">\n\t\t\t\t\t\t<div class=\"elementor-element elementor-element-b5fd903 elementor-position-top elementor-widget elementor-widget-image-box\" data-id=\"b5fd903\" data-element_type=\"widget\" data-widget_type=\"image-box.default\">\n\t\t\t\t<div class=\"elementor-widget-container\">\n\t\t\t\t\t<div class=\"elementor-image-box-wrapper\"><figure class=\"elementor-image-box-img\"><a href=\"https:\/\/utlaedusv-my.sharepoint.com\/:b:\/g\/personal\/bienestarest_utla_edu_sv\/ETxczITq0z1PpTwYH9DY9b0BJlcxYNf-Px-t5rVLNOWCZQ?e=bAfYve\" target=\"_blank\" tabindex=\"-1\"><img decoding=\"async\" width=\"250\" height=\"300\" src=\"https:\/\/utla.edu.sv\/wp-content\/uploads\/2025\/02\/act2.png\" class=\"attachment-full size-full wp-image-2311\" alt=\"\" \/><\/a><\/figure><div class=\"elementor-image-box-content\"><h3 class=\"elementor-image-box-title\"><a href=\"https:\/\/utlaedusv-my.sharepoint.com\/:b:\/g\/personal\/bienestarest_utla_edu_sv\/ETxczITq0z1PpTwYH9DY9b0BJlcxYNf-Px-t5rVLNOWCZQ?e=bAfYve\" target=\"_blank\">D\u00eda de la mujer<\/a><\/h3><p class=\"elementor-image-box-description\">En el marco del D\u00eda del Mujer, el 8 de marzo, se\nrealiz\u00f3 ...<\/p><\/div><\/div>\t\t\t\t<\/div>\n\t\t\t\t<\/div>\n\t\t\t\t\t<\/div>\n\t\t<\/div>\n\t\t\t\t<div class=\"elementor-column elementor-col-33 elementor-top-column elementor-element elementor-element-c2c4215\" data-id=\"c2c4215\" data-element_type=\"column\">\n\t\t\t<div class=\"elementor-widget-wrap elementor-element-populated\">\n\t\t\t\t\t\t<div class=\"elementor-element elementor-element-ababf68 elementor-position-top elementor-widget elementor-widget-image-box\" data-id=\"ababf68\" data-element_type=\"widget\" data-widget_type=\"image-box.default\">\n\t\t\t\t<div class=\"elementor-widget-container\">\n\t\t\t\t\t<div class=\"elementor-image-box-wrapper\"><figure class=\"elementor-image-box-img\"><a href=\"https:\/\/utlaedusv-my.sharepoint.com\/:b:\/g\/personal\/bienestarest_utla_edu_sv\/EUa3aQQR_FBEvqAZ2FW3N9QBdVcOCaoQe6m823MXPheJAg?e=D6yxHX\" target=\"_blank\" tabindex=\"-1\"><img decoding=\"async\" width=\"250\" height=\"300\" src=\"https:\/\/utla.edu.sv\/wp-content\/uploads\/2025\/02\/act3.png\" class=\"attachment-full size-full wp-image-2321\" alt=\"\" \/><\/a><\/figure><div class=\"elementor-image-box-content\"><h3 class=\"elementor-image-box-title\"><a href=\"https:\/\/utlaedusv-my.sharepoint.com\/:b:\/g\/personal\/bienestarest_utla_edu_sv\/EUa3aQQR_FBEvqAZ2FW3N9QBdVcOCaoQe6m823MXPheJAg?e=D6yxHX\" target=\"_blank\">D\u00eda mundial del Teatro<\/a><\/h3><p class=\"elementor-image-box-description\">El 27 de marzo se conmemora el D\u00eda mundial del Teatro, raz\u00f3n por ...<\/p><\/div><\/div>\t\t\t\t<\/div>\n\t\t\t\t<\/div>\n\t\t\t\t\t<\/div>\n\t\t<\/div>\n\t\t\t\t\t<\/div>\n\t\t<\/section>\n\t\t\t\t<section class=\"elementor-section elementor-top-section elementor-element elementor-element-d731a5d elementor-section-boxed elementor-section-height-default elementor-section-height-default wpr-particle-no wpr-jarallax-no wpr-parallax-no wpr-sticky-section-no\" data-id=\"d731a5d\" data-element_type=\"section\">\n\t\t\t\t\t\t<div class=\"elementor-container elementor-column-gap-default\">\n\t\t\t\t\t<div class=\"elementor-column elementor-col-33 elementor-top-column elementor-element elementor-element-e5be67b\" data-id=\"e5be67b\" data-element_type=\"column\">\n\t\t\t<div class=\"elementor-widget-wrap elementor-element-populated\">\n\t\t\t\t\t\t<div class=\"elementor-element elementor-element-7619e21 elementor-position-top elementor-widget elementor-widget-image-box\" data-id=\"7619e21\" data-element_type=\"widget\" data-widget_type=\"image-box.default\">\n\t\t\t\t<div class=\"elementor-widget-container\">\n\t\t\t\t\t<div class=\"elementor-image-box-wrapper\"><figure class=\"elementor-image-box-img\"><a href=\"https:\/\/utlaedusv-my.sharepoint.com\/:b:\/g\/personal\/bienestarest_utla_edu_sv\/EY5mF174EdtEuDVEYGLOVi0BaUb3kuihe4k1gEakJpqELw?e=zh6zHc\" target=\"_blank\" tabindex=\"-1\"><img loading=\"lazy\" decoding=\"async\" width=\"250\" height=\"300\" src=\"https:\/\/utla.edu.sv\/wp-content\/uploads\/2025\/02\/act4.png\" class=\"attachment-full size-full wp-image-2323\" alt=\"\" \/><\/a><\/figure><div class=\"elementor-image-box-content\"><h3 class=\"elementor-image-box-title\"><a href=\"https:\/\/utlaedusv-my.sharepoint.com\/:b:\/g\/personal\/bienestarest_utla_edu_sv\/EY5mF174EdtEuDVEYGLOVi0BaUb3kuihe4k1gEakJpqELw?e=zh6zHc\" target=\"_blank\">Conmemoraci\u00f3n del D\u00eda del Libro<\/a><\/h3><p class=\"elementor-image-box-description\">El pasado 27 de abril, la Unidad de Bienestar Estudiantil ...<\/p><\/div><\/div>\t\t\t\t<\/div>\n\t\t\t\t<\/div>\n\t\t\t\t\t<\/div>\n\t\t<\/div>\n\t\t\t\t<div class=\"elementor-column elementor-col-33 elementor-top-column elementor-element elementor-element-5d03f89\" data-id=\"5d03f89\" data-element_type=\"column\">\n\t\t\t<div class=\"elementor-widget-wrap elementor-element-populated\">\n\t\t\t\t\t\t<div class=\"elementor-element elementor-element-c171f55 elementor-position-top elementor-widget elementor-widget-image-box\" data-id=\"c171f55\" data-element_type=\"widget\" data-widget_type=\"image-box.default\">\n\t\t\t\t<div class=\"elementor-widget-container\">\n\t\t\t\t\t<div class=\"elementor-image-box-wrapper\"><figure class=\"elementor-image-box-img\"><a href=\"https:\/\/utlaedusv-my.sharepoint.com\/:b:\/g\/personal\/bienestarest_utla_edu_sv\/EScI_NlLcZdFsbIPfyIuPlEBNQMa_lYmCsJp7NTl_nal5A?e=DDiT9e\" target=\"_blank\" tabindex=\"-1\"><img loading=\"lazy\" decoding=\"async\" width=\"250\" height=\"300\" src=\"https:\/\/utla.edu.sv\/wp-content\/uploads\/2025\/02\/act5.png\" class=\"attachment-full size-full wp-image-2324\" alt=\"\" \/><\/a><\/figure><div class=\"elementor-image-box-content\"><h3 class=\"elementor-image-box-title\"><a href=\"https:\/\/utlaedusv-my.sharepoint.com\/:b:\/g\/personal\/bienestarest_utla_edu_sv\/EScI_NlLcZdFsbIPfyIuPlEBNQMa_lYmCsJp7NTl_nal5A?e=DDiT9e\" target=\"_blank\">Conmemoraci\u00f3n de la Diversidad Cultural<\/a><\/h3><p class=\"elementor-image-box-description\">En el marco de la conmemoraci\u00f3n de la Diversidad Cultural, el ...<\/p><\/div><\/div>\t\t\t\t<\/div>\n\t\t\t\t<\/div>\n\t\t\t\t\t<\/div>\n\t\t<\/div>\n\t\t\t\t<div class=\"elementor-column elementor-col-33 elementor-top-column elementor-element elementor-element-1fc4767\" data-id=\"1fc4767\" data-element_type=\"column\">\n\t\t\t<div class=\"elementor-widget-wrap elementor-element-populated\">\n\t\t\t\t\t\t<div class=\"elementor-element elementor-element-1905e07 elementor-position-top elementor-widget elementor-widget-image-box\" data-id=\"1905e07\" data-element_type=\"widget\" data-widget_type=\"image-box.default\">\n\t\t\t\t<div class=\"elementor-widget-container\">\n\t\t\t\t\t<div class=\"elementor-image-box-wrapper\"><figure class=\"elementor-image-box-img\"><a href=\"https:\/\/utlaedusv-my.sharepoint.com\/:b:\/g\/personal\/bienestarest_utla_edu_sv\/EQBEUEIKY_dCuOAl9SdIvmsBL55r-ntru83m3VDJwSJgNQ?e=uqU1I8\" target=\"_blank\" tabindex=\"-1\"><img loading=\"lazy\" decoding=\"async\" width=\"250\" height=\"300\" src=\"https:\/\/utla.edu.sv\/wp-content\/uploads\/2025\/02\/act6.png\" class=\"attachment-full size-full wp-image-2329\" alt=\"\" \/><\/a><\/figure><div class=\"elementor-image-box-content\"><h3 class=\"elementor-image-box-title\"><a href=\"https:\/\/utlaedusv-my.sharepoint.com\/:b:\/g\/personal\/bienestarest_utla_edu_sv\/EQBEUEIKY_dCuOAl9SdIvmsBL55r-ntru83m3VDJwSJgNQ?e=uqU1I8\" target=\"_blank\">Encuentro Nacional del Teatro<\/a><\/h3><p class=\"elementor-image-box-description\">El 12 de agosto se inaugur\u00f3 la XXIII edici\u00f3n del Encuentro Nacional ...<\/p><\/div><\/div>\t\t\t\t<\/div>\n\t\t\t\t<\/div>\n\t\t\t\t\t<\/div>\n\t\t<\/div>\n\t\t\t\t\t<\/div>\n\t\t<\/section>\n\t\t\t\t<section class=\"elementor-section elementor-top-section elementor-element elementor-element-5047770 elementor-section-boxed elementor-section-height-default elementor-section-height-default wpr-particle-no wpr-jarallax-no wpr-parallax-no wpr-sticky-section-no\" data-id=\"5047770\" data-element_type=\"section\">\n\t\t\t\t\t\t<div class=\"elementor-container elementor-column-gap-default\">\n\t\t\t\t\t<div class=\"elementor-column elementor-col-33 elementor-top-column elementor-element elementor-element-450186c\" data-id=\"450186c\" data-element_type=\"column\">\n\t\t\t<div class=\"elementor-widget-wrap elementor-element-populated\">\n\t\t\t\t\t\t<div class=\"elementor-element elementor-element-f635495 elementor-position-top elementor-widget elementor-widget-image-box\" data-id=\"f635495\" data-element_type=\"widget\" data-widget_type=\"image-box.default\">\n\t\t\t\t<div class=\"elementor-widget-container\">\n\t\t\t\t\t<div class=\"elementor-image-box-wrapper\"><figure class=\"elementor-image-box-img\"><a href=\"https:\/\/utlaedusv-my.sharepoint.com\/:b:\/g\/personal\/bienestarest_utla_edu_sv\/EaOoXpgyaXBOqPTQB-Pj_CIBEfVB-VcGT34RBcIjWr1PFA?e=GJHwNn\" target=\"_blank\" tabindex=\"-1\"><img loading=\"lazy\" decoding=\"async\" width=\"250\" height=\"300\" src=\"https:\/\/utla.edu.sv\/wp-content\/uploads\/2025\/02\/act7.png\" class=\"attachment-full size-full wp-image-2337\" alt=\"\" \/><\/a><\/figure><div class=\"elementor-image-box-content\"><h3 class=\"elementor-image-box-title\"><a href=\"https:\/\/utlaedusv-my.sharepoint.com\/:b:\/g\/personal\/bienestarest_utla_edu_sv\/EaOoXpgyaXBOqPTQB-Pj_CIBEfVB-VcGT34RBcIjWr1PFA?e=GJHwNn\" target=\"_blank\">Cierre del encuentro Nacional del Teatro<\/a><\/h3><p class=\"elementor-image-box-description\">El 16 de agosto, se llev\u00f3 a cabo el cierre del Encuentro Nacional ...<\/p><\/div><\/div>\t\t\t\t<\/div>\n\t\t\t\t<\/div>\n\t\t\t\t\t<\/div>\n\t\t<\/div>\n\t\t\t\t<div class=\"elementor-column elementor-col-33 elementor-top-column elementor-element elementor-element-330ce00\" data-id=\"330ce00\" data-element_type=\"column\">\n\t\t\t<div class=\"elementor-widget-wrap elementor-element-populated\">\n\t\t\t\t\t\t<div class=\"elementor-element elementor-element-b586474 elementor-position-top elementor-widget elementor-widget-image-box\" data-id=\"b586474\" data-element_type=\"widget\" data-widget_type=\"image-box.default\">\n\t\t\t\t<div class=\"elementor-widget-container\">\n\t\t\t\t\t<div class=\"elementor-image-box-wrapper\"><figure class=\"elementor-image-box-img\"><a href=\"https:\/\/utlaedusv-my.sharepoint.com\/:b:\/g\/personal\/bienestarest_utla_edu_sv\/EYKK9SI2_7dHvTJ7YWIwBI0BzEx9jaX-e_ggmN5V7gRmYA?e=7fYTif\" target=\"_blank\" tabindex=\"-1\"><img loading=\"lazy\" decoding=\"async\" width=\"250\" height=\"300\" src=\"https:\/\/utla.edu.sv\/wp-content\/uploads\/2025\/02\/act8.png\" class=\"attachment-full size-full wp-image-2338\" alt=\"\" \/><\/a><\/figure><div class=\"elementor-image-box-content\"><h3 class=\"elementor-image-box-title\"><a href=\"https:\/\/utlaedusv-my.sharepoint.com\/:b:\/g\/personal\/bienestarest_utla_edu_sv\/EYKK9SI2_7dHvTJ7YWIwBI0BzEx9jaX-e_ggmN5V7gRmYA?e=7fYTif\" target=\"_blank\">Difusi\u00f3n de Semana Cientifica Cultural 2024<\/a><\/h3><p class=\"elementor-image-box-description\">Se dio inicio a la promoci\u00f3n y difusi\u00f3n de la Semana Cient\u00edfica ...<\/p><\/div><\/div>\t\t\t\t<\/div>\n\t\t\t\t<\/div>\n\t\t\t\t\t<\/div>\n\t\t<\/div>\n\t\t\t\t<div class=\"elementor-column elementor-col-33 elementor-top-column elementor-element elementor-element-2b55594\" data-id=\"2b55594\" data-element_type=\"column\">\n\t\t\t<div class=\"elementor-widget-wrap elementor-element-populated\">\n\t\t\t\t\t\t<div class=\"elementor-element elementor-element-57469f8 elementor-position-top elementor-widget elementor-widget-image-box\" data-id=\"57469f8\" data-element_type=\"widget\" data-widget_type=\"image-box.default\">\n\t\t\t\t<div class=\"elementor-widget-container\">\n\t\t\t\t\t<div class=\"elementor-image-box-wrapper\"><figure class=\"elementor-image-box-img\"><a href=\"https:\/\/utlaedusv-my.sharepoint.com\/:b:\/g\/personal\/bienestarest_utla_edu_sv\/EcXypyOd7jJDjhTeGzgxRygBkvPa1yzGlIbEHeFNDBFgZQ?e=ze52DN\" target=\"_blank\" tabindex=\"-1\"><img loading=\"lazy\" decoding=\"async\" width=\"250\" height=\"300\" src=\"https:\/\/utla.edu.sv\/wp-content\/uploads\/2025\/02\/act9.png\" class=\"attachment-full size-full wp-image-2339\" alt=\"\" \/><\/a><\/figure><div class=\"elementor-image-box-content\"><h3 class=\"elementor-image-box-title\"><a href=\"https:\/\/utlaedusv-my.sharepoint.com\/:b:\/g\/personal\/bienestarest_utla_edu_sv\/EcXypyOd7jJDjhTeGzgxRygBkvPa1yzGlIbEHeFNDBFgZQ?e=ze52DN\" target=\"_blank\">Lanzamiento invitaci\u00f3n Concurso Miss Utla 2024<\/a><\/h3><p class=\"elementor-image-box-description\">El comit\u00e9 de Cultura y Deportes de la UTLA, en el marco del d\u00eda del ...<\/p><\/div><\/div>\t\t\t\t<\/div>\n\t\t\t\t<\/div>\n\t\t\t\t\t<\/div>\n\t\t<\/div>\n\t\t\t\t\t<\/div>\n\t\t<\/section>\n\t\t\t\t<section class=\"elementor-section elementor-top-section elementor-element elementor-element-ffe08cf elementor-section-boxed elementor-section-height-default elementor-section-height-default wpr-particle-no wpr-jarallax-no wpr-parallax-no wpr-sticky-section-no\" data-id=\"ffe08cf\" data-element_type=\"section\">\n\t\t\t\t\t\t<div class=\"elementor-container elementor-column-gap-default\">\n\t\t\t\t\t<div class=\"elementor-column elementor-col-33 elementor-top-column elementor-element elementor-element-6923f17\" data-id=\"6923f17\" data-element_type=\"column\">\n\t\t\t<div class=\"elementor-widget-wrap elementor-element-populated\">\n\t\t\t\t\t\t<div class=\"elementor-element elementor-element-45efb7e elementor-position-top elementor-widget elementor-widget-image-box\" data-id=\"45efb7e\" data-element_type=\"widget\" data-widget_type=\"image-box.default\">\n\t\t\t\t<div class=\"elementor-widget-container\">\n\t\t\t\t\t<div class=\"elementor-image-box-wrapper\"><figure class=\"elementor-image-box-img\"><a href=\"https:\/\/utlaedusv-my.sharepoint.com\/:b:\/g\/personal\/bienestarest_utla_edu_sv\/EYBWSbe-7MBJj1i68QWKLhYBI4N0O8asTPjDJ7Jx0z86Sw?e=imtNuh\" target=\"_blank\" tabindex=\"-1\"><img loading=\"lazy\" decoding=\"async\" width=\"250\" height=\"300\" src=\"https:\/\/utla.edu.sv\/wp-content\/uploads\/2025\/02\/act10.png\" class=\"attachment-full size-full wp-image-2344\" alt=\"\" \/><\/a><\/figure><div class=\"elementor-image-box-content\"><h3 class=\"elementor-image-box-title\"><a href=\"https:\/\/utlaedusv-my.sharepoint.com\/:b:\/g\/personal\/bienestarest_utla_edu_sv\/EYBWSbe-7MBJj1i68QWKLhYBI4N0O8asTPjDJ7Jx0z86Sw?e=imtNuh\" target=\"_blank\">Inicio la Semana Cient\u00edfica Cultural 2024<\/a><\/h3><p class=\"elementor-image-box-description\">El 14 de octubre dio inicio la Semana Cient\u00edfica Cultural 2024, comenzando ...<\/p><\/div><\/div>\t\t\t\t<\/div>\n\t\t\t\t<\/div>\n\t\t\t\t\t<\/div>\n\t\t<\/div>\n\t\t\t\t<div class=\"elementor-column elementor-col-33 elementor-top-column elementor-element elementor-element-a93d85c\" data-id=\"a93d85c\" data-element_type=\"column\">\n\t\t\t<div class=\"elementor-widget-wrap elementor-element-populated\">\n\t\t\t\t\t\t<div class=\"elementor-element elementor-element-5e7a65b elementor-position-top elementor-widget elementor-widget-image-box\" data-id=\"5e7a65b\" data-element_type=\"widget\" data-widget_type=\"image-box.default\">\n\t\t\t\t<div class=\"elementor-widget-container\">\n\t\t\t\t\t<div class=\"elementor-image-box-wrapper\"><figure class=\"elementor-image-box-img\"><a href=\"https:\/\/utlaedusv-my.sharepoint.com\/:b:\/g\/personal\/bienestarest_utla_edu_sv\/EakZlrvNJ99LjEBCwEs7qBkBUB65-OrnfljhLBGmL7x0GA?e=rCQaeS\" target=\"_blank\" tabindex=\"-1\"><img loading=\"lazy\" decoding=\"async\" width=\"250\" height=\"300\" src=\"https:\/\/utla.edu.sv\/wp-content\/uploads\/2025\/02\/act11.png\" class=\"attachment-full size-full wp-image-2345\" alt=\"\" \/><\/a><\/figure><div class=\"elementor-image-box-content\"><h3 class=\"elementor-image-box-title\"><a href=\"https:\/\/utlaedusv-my.sharepoint.com\/:b:\/g\/personal\/bienestarest_utla_edu_sv\/EakZlrvNJ99LjEBCwEs7qBkBUB65-OrnfljhLBGmL7x0GA?e=rCQaeS\" target=\"_blank\">bootcamp sobre Arduino<\/a><\/h3><p class=\"elementor-image-box-description\">En el marco de la Semana Cient\u00edfica Cultural 2024, se llev\u00f3  a cabo un bootcamp sobre...<\/p><\/div><\/div>\t\t\t\t<\/div>\n\t\t\t\t<\/div>\n\t\t\t\t\t<\/div>\n\t\t<\/div>\n\t\t\t\t<div class=\"elementor-column elementor-col-33 elementor-top-column elementor-element elementor-element-f8c6057\" data-id=\"f8c6057\" data-element_type=\"column\">\n\t\t\t<div class=\"elementor-widget-wrap elementor-element-populated\">\n\t\t\t\t\t\t<div class=\"elementor-element elementor-element-6934cda elementor-position-top elementor-widget elementor-widget-image-box\" data-id=\"6934cda\" data-element_type=\"widget\" data-widget_type=\"image-box.default\">\n\t\t\t\t<div class=\"elementor-widget-container\">\n\t\t\t\t\t<div class=\"elementor-image-box-wrapper\"><figure class=\"elementor-image-box-img\"><a href=\"https:\/\/utlaedusv-my.sharepoint.com\/:b:\/g\/personal\/bienestarest_utla_edu_sv\/EYAkXf2fmqVApFrpXXXmX9wBU_88coZE7Ogpws0fnyjyEQ?e=EQMGyC\" target=\"_blank\" tabindex=\"-1\"><img loading=\"lazy\" decoding=\"async\" width=\"250\" height=\"300\" src=\"https:\/\/utla.edu.sv\/wp-content\/uploads\/2025\/02\/act12.png\" class=\"attachment-full size-full wp-image-2346\" alt=\"\" \/><\/a><\/figure><div class=\"elementor-image-box-content\"><h3 class=\"elementor-image-box-title\"><a href=\"https:\/\/utlaedusv-my.sharepoint.com\/:b:\/g\/personal\/bienestarest_utla_edu_sv\/EYAkXf2fmqVApFrpXXXmX9wBU_88coZE7Ogpws0fnyjyEQ?e=EQMGyC\" target=\"_blank\">Ponencia martes 15 de octubre<\/a><\/h3><p class=\"elementor-image-box-description\">En el marco de la Semana Cient\u00edfica se desarroll\u00f3 la ponencia titulada...<\/p><\/div><\/div>\t\t\t\t<\/div>\n\t\t\t\t<\/div>\n\t\t\t\t\t<\/div>\n\t\t<\/div>\n\t\t\t\t\t<\/div>\n\t\t<\/section>\n\t\t\t\t<section class=\"elementor-section elementor-top-section elementor-element elementor-element-961745f elementor-section-boxed elementor-section-height-default elementor-section-height-default wpr-particle-no wpr-jarallax-no wpr-parallax-no wpr-sticky-section-no\" data-id=\"961745f\" data-element_type=\"section\">\n\t\t\t\t\t\t<div class=\"elementor-container elementor-column-gap-default\">\n\t\t\t\t\t<div class=\"elementor-column elementor-col-33 elementor-top-column elementor-element elementor-element-e4bfd9b\" data-id=\"e4bfd9b\" data-element_type=\"column\">\n\t\t\t<div class=\"elementor-widget-wrap\">\n\t\t\t\t\t\t\t<\/div>\n\t\t<\/div>\n\t\t\t\t<div class=\"elementor-column elementor-col-33 elementor-top-column elementor-element elementor-element-c769c16\" data-id=\"c769c16\" data-element_type=\"column\">\n\t\t\t<div class=\"elementor-widget-wrap elementor-element-populated\">\n\t\t\t\t\t\t<div class=\"elementor-element elementor-element-eab3026 elementor-position-top elementor-widget elementor-widget-image-box\" data-id=\"eab3026\" data-element_type=\"widget\" data-widget_type=\"image-box.default\">\n\t\t\t\t<div class=\"elementor-widget-container\">\n\t\t\t\t\t<div class=\"elementor-image-box-wrapper\"><figure class=\"elementor-image-box-img\"><a href=\"https:\/\/utlaedusv-my.sharepoint.com\/:b:\/g\/personal\/bienestarest_utla_edu_sv\/EZeWRyuA60pNqjfRVxfpvjEBhQNL2V8tuIOS8a1GppO6ag?e=wT6EXm\" target=\"_blank\" tabindex=\"-1\"><img loading=\"lazy\" decoding=\"async\" width=\"250\" height=\"300\" src=\"https:\/\/utla.edu.sv\/wp-content\/uploads\/2025\/02\/act13.png\" class=\"attachment-full size-full wp-image-2347\" alt=\"\" \/><\/a><\/figure><div class=\"elementor-image-box-content\"><h3 class=\"elementor-image-box-title\"><a href=\"https:\/\/utlaedusv-my.sharepoint.com\/:b:\/g\/personal\/bienestarest_utla_edu_sv\/EZeWRyuA60pNqjfRVxfpvjEBhQNL2V8tuIOS8a1GppO6ag?e=wT6EXm\" target=\"_blank\">D\u00eda del Estudiante UTLA<\/a><\/h3><p class=\"elementor-image-box-description\">En el marco del cierre de la Semana Cient\u00edfica Cultural 2024, el pasado...<\/p><\/div><\/div>\t\t\t\t<\/div>\n\t\t\t\t<\/div>\n\t\t\t\t\t<\/div>\n\t\t<\/div>\n\t\t\t\t<div class=\"elementor-column elementor-col-33 elementor-top-column elementor-element elementor-element-a80ac29\" data-id=\"a80ac29\" data-element_type=\"column\">\n\t\t\t<div class=\"elementor-widget-wrap\">\n\t\t\t\t\t\t\t<\/div>\n\t\t<\/div>\n\t\t\t\t\t<\/div>\n\t\t<\/section>\n\t\t\t\t<\/div>\n\t\t","protected":false},"excerpt":{"rendered":"<p>Actividades Culturales a\u00f1o 2024 Inicio de Clase Presentaci\u00f3n de jefa de Proyecci\u00f3n Social y de Bienestar y Desarrollo &#8230; D\u00eda de la mujer En el marco del D\u00eda del Mujer, el 8 de marzo, se realiz\u00f3 &#8230; D\u00eda mundial del Teatro El 27 de marzo se conmemora el D\u00eda mundial del Teatro, raz\u00f3n por &#8230; Conmemoraci\u00f3n del D\u00eda del Libro El pasado 27 de abril, la Unidad de Bienestar Estudiantil &#8230; Conmemoraci\u00f3n de la Diversidad Cultural En el marco de la conmemoraci\u00f3n de la Diversidad Cultural, el &#8230; Encuentro Nacional del Teatro El 12 de agosto se inaugur\u00f3 la XXIII edici\u00f3n del Encuentro Nacional &#8230; Cierre del encuentro Nacional del Teatro El 16 de agosto, se llev\u00f3 a cabo el cierre del Encuentro Nacional &#8230; Difusi\u00f3n de Semana Cientifica Cultural 2024 Se dio inicio a la promoci\u00f3n y difusi\u00f3n de la Semana Cient\u00edfica &#8230; Lanzamiento invitaci\u00f3n Concurso Miss Utla 2024 El comit\u00e9 de Cultura y Deportes de la UTLA, en el marco del d\u00eda del &#8230; Inicio la Semana Cient\u00edfica Cultural 2024 El 14 de octubre dio inicio la Semana Cient\u00edfica Cultural 2024, comenzando &#8230; bootcamp sobre Arduino En el marco de la Semana Cient\u00edfica Cultural 2024, se llev\u00f3 a cabo un bootcamp sobre&#8230; Ponencia martes 15 de octubre En el marco de la Semana Cient\u00edfica se desarroll\u00f3 la ponencia titulada&#8230; D\u00eda del Estudiante UTLA En el marco del cierre de la Semana Cient\u00edfica Cultural 2024, el pasado&#8230;<\/p>\n","protected":false},"author":2,"featured_media":0,"parent":0,"menu_order":0,"comment_status":"closed","ping_status":"closed","template":"page-templates\/template-pagebuilder-full-width.php","meta":{"_monsterinsights_skip_tracking":false,"_monsterinsights_sitenote_active":false,"_monsterinsights_sitenote_note":"","_monsterinsights_sitenote_category":0,"neve_meta_sidebar":"","neve_meta_container":"","neve_meta_enable_content_width":"","neve_meta_content_width":0,"neve_meta_title_alignment":"","neve_meta_author_avatar":"","neve_post_elements_order":"","neve_meta_disable_header":"","neve_meta_disable_footer":"","neve_meta_disable_title":"on","footnotes":""},"class_list":["post-2296","page","type-page","status-publish","hentry"],"_links":{"self":[{"href":"https:\/\/utla.edu.sv\/index.php?rest_route=\/wp\/v2\/pages\/2296","targetHints":{"allow":["GET"]}}],"collection":[{"href":"https:\/\/utla.edu.sv\/index.php?rest_route=\/wp\/v2\/pages"}],"about":[{"href":"https:\/\/utla.edu.sv\/index.php?rest_route=\/wp\/v2\/types\/page"}],"author":[{"embeddable":true,"href":"https:\/\/utla.edu.sv\/index.php?rest_route=\/wp\/v2\/users\/2"}],"replies":[{"embeddable":true,"href":"https:\/\/utla.edu.sv\/index.php?rest_route=%2Fwp%2Fv2%2Fcomments&post=2296"}],"version-history":[{"count":94,"href":"https:\/\/utla.edu.sv\/index.php?rest_route=\/wp\/v2\/pages\/2296\/revisions"}],"predecessor-version":[{"id":2410,"href":"https:\/\/utla.edu.sv\/index.php?rest_route=\/wp\/v2\/pages\/2296\/revisions\/2410"}],"wp:attachment":[{"href":"https:\/\/utla.edu.sv\/index.php?rest_route=%2Fwp%2Fv2%2Fmedia&parent=2296"}],"curies":[{"name":"wp","href":"https:\/\/api.w.org\/{rel}","templated":true}]}}